{"version":"1.0","provider_name":"Xavier Raufer","provider_url":"https:\/\/www.xavier-raufer.com\/site","author_name":"Xavier Raufer","author_url":"https:\/\/www.xavier-raufer.com\/site\/author\/mpinosa-drmcc-75\/","title":"L\u2019essence du politique, c\u2019est la d\u00e9cision - Xavier Raufer","type":"rich","width":600,"height":338,"html":"<blockquote class=\"wp-embedded-content\" data-secret=\"6x8UxiYqpw\"><a href=\"https:\/\/www.xavier-raufer.com\/site\/lessence-du-politique-cest-la-decision\/\">L\u2019essence du politique, c\u2019est la d\u00e9cision<\/a><\/blockquote><iframe sandbox=\"allow-scripts\" security=\"restricted\" src=\"https:\/\/www.xavier-raufer.com\/site\/lessence-du-politique-cest-la-decision\/embed\/#?secret=6x8UxiYqpw\" width=\"600\" height=\"338\" title=\"\u00ab\u00a0L\u2019essence du politique, c\u2019est la d\u00e9cision\u00a0\u00bb &#8212; Xavier Raufer\" data-secret=\"6x8UxiYqpw\" frameborder=\"0\" marginwidth=\"0\" marginheight=\"0\" scrolling=\"no\" class=\"wp-embedded-content\"><\/iframe><script type=\"text\/javascript\">\n\/* <![CDATA[ *\/\n\/*! This file is auto-generated *\/\n!function(d,l){\"use strict\";l.querySelector&&d.addEventListener&&\"undefined\"!=typeof URL&&(d.wp=d.wp||{},d.wp.receiveEmbedMessage||(d.wp.receiveEmbedMessage=function(e){var t=e.data;if((t||t.secret||t.message||t.value)&&!\/[^a-zA-Z0-9]\/.test(t.secret)){for(var s,r,n,a=l.querySelectorAll('iframe[data-secret=\"'+t.secret+'\"]'),o=l.querySelectorAll('blockquote[data-secret=\"'+t.secret+'\"]'),c=new RegExp(\"^https?:$\",\"i\"),i=0;i<o.length;i++)o[i].style.display=\"none\";for(i=0;i<a.length;i++)s=a[i],e.source===s.contentWindow&&(s.removeAttribute(\"style\"),\"height\"===t.message?(1e3<(r=parseInt(t.value,10))?r=1e3:~~r<200&&(r=200),s.height=r):\"link\"===t.message&&(r=new URL(s.getAttribute(\"src\")),n=new URL(t.value),c.test(n.protocol))&&n.host===r.host&&l.activeElement===s&&(d.top.location.href=t.value))}},d.addEventListener(\"message\",d.wp.receiveEmbedMessage,!1),l.addEventListener(\"DOMContentLoaded\",function(){for(var e,t,s=l.querySelectorAll(\"iframe.wp-embedded-content\"),r=0;r<s.length;r++)(t=(e=s[r]).getAttribute(\"data-secret\"))||(t=Math.random().toString(36).substring(2,12),e.src+=\"#?secret=\"+t,e.setAttribute(\"data-secret\",t)),e.contentWindow.postMessage({message:\"ready\",secret:t},\"*\")},!1)))}(window,document);\n\/* ]]> *\/\n<\/script>\n","thumbnail_url":"https:\/\/www.xavier-raufer.com\/site\/wp-content\/uploads\/2019\/02\/PM_Raufer.png","thumbnail_width":301,"thumbnail_height":431,"description":"Politique Magazine - N \u00b0176   La France est la mieux arm\u00e9e des nations europ\u00e9ennes contre le terrorisme, \u00e0 l\u2019ext\u00e9rieur avec son arm\u00e9e, \u00e0 l\u2019int\u00e9rieur avec sa police. Mais il manque une dimension cruciale \u00e0 l\u2019action s\u00e9curitaire : la volont\u00e9 politique. Notre pays est paralys\u00e9 par des d\u00e9cennies de politiquement correct, et aveugle sur le crime organis\u00e9."}